{"id":346,"date":"2021-04-22T10:53:08","date_gmt":"2021-04-22T08:53:08","guid":{"rendered":"https:\/\/www.lestafettegraphique.com\/?page_id=346"},"modified":"2021-05-11T18:15:45","modified_gmt":"2021-05-11T16:15:45","slug":"a-propos","status":"publish","type":"page","link":"https:\/\/www.lestafettegraphique.com\/index.php\/a-propos\/","title":{"rendered":"\u00c0 propos"},"content":{"rendered":"<p>[et_pb_section fb_built=\u00a0\u00bb1&Prime; _builder_version=\u00a0\u00bb4.8.1&Prime; _module_preset=\u00a0\u00bbdefault\u00a0\u00bb custom_padding=\u00a0\u00bb1px||3px|||\u00a0\u00bb][et_pb_row _builder_version=\u00a0\u00bb4.8.1&Prime; _module_preset=\u00a0\u00bbdefault\u00a0\u00bb][et_pb_column type=\u00a0\u00bb4_4&Prime; _builder_version=\u00a0\u00bb4.8.1&Prime; _module_preset=\u00a0\u00bbdefault\u00a0\u00bb][et_pb_image src=\u00a0\u00bbhttps:\/\/www.lestafettegraphique.com\/wp-content\/uploads\/2021\/04\/titre-a-propos-300&#215;118.png\u00a0\u00bb alt=\u00a0\u00bb\u00c0 propos, pr\u00e9sentation de l&rsquo;Estafette graphique atelier de s\u00e9rigraphie itin\u00e9rant\u00a0\u00bb title_text=\u00a0\u00bbtitre-a-propos\u00a0\u00bb align=\u00a0\u00bbcenter\u00a0\u00bb _builder_version=\u00a0\u00bb4.8.1&Prime; _module_preset=\u00a0\u00bbdefault\u00a0\u00bb][\/et_pb_image][\/et_pb_column][\/et_pb_row][\/et_pb_section][et_pb_section fb_built=\u00a0\u00bb1&Prime; fullwidth=\u00a0\u00bbon\u00a0\u00bb _builder_version=\u00a0\u00bb4.8.1&Prime; _module_preset=\u00a0\u00bbdefault\u00a0\u00bb][et_pb_fullwidth_image src=\u00a0\u00bbhttps:\/\/www.lestafettegraphique.com\/wp-content\/uploads\/2021\/04\/photo-a-propos.jpg\u00a0\u00bb alt=\u00a0\u00bb\u00c0 propos, pr\u00e9sentation de l&rsquo;Estafette Graphique\u00a0\u00bb title_text=\u00a0\u00bbphoto-a-propos\u00a0\u00bb _builder_version=\u00a0\u00bb4.8.1&Prime; _module_preset=\u00a0\u00bbdefault\u00a0\u00bb][\/et_pb_fullwidth_image][\/et_pb_section][et_pb_section fb_built=\u00a0\u00bb1&Prime; _builder_version=\u00a0\u00bb4.8.1&Prime; _module_preset=\u00a0\u00bbdefault\u00a0\u00bb custom_padding=\u00a0\u00bb||16px|||\u00a0\u00bb][et_pb_row column_structure=\u00a0\u00bb1_2,1_2&Prime; _builder_version=\u00a0\u00bb4.8.1&Prime; _module_preset=\u00a0\u00bbdefault\u00a0\u00bb custom_padding=\u00a0\u00bb||5px|||\u00a0\u00bb][et_pb_column type=\u00a0\u00bb1_2&Prime; _builder_version=\u00a0\u00bb4.8.1&Prime; _module_preset=\u00a0\u00bbdefault\u00a0\u00bb][et_pb_text _builder_version=\u00a0\u00bb4.8.1&Prime; _module_preset=\u00a0\u00bbdefault\u00a0\u00bb text_font=\u00a0\u00bbArial||||||||\u00a0\u00bb header_font_size=\u00a0\u00bb24px\u00a0\u00bb custom_margin=\u00a0\u00bb||2px|||\u00a0\u00bb]<\/p>\n<h3>C&rsquo;est quoi ?<\/h3>\n<p style=\"text-align: justify;\"><strong>Un bin\u00f4me&#8230; Si si !!\u00a0<\/strong>L\u2019estafette Graphique et sa fid\u00e8le conductrice s\u00e9rigraphe.<\/p>\n<p style=\"text-align: justify;\">Un atelier est install\u00e9 \u00e0 l\u2019arri\u00e8re de l\u2019estafette et permet de faire d\u00e9couvrir la s\u00e9rigraphie de fa\u00e7on mobile.<\/p>\n<p>[\/et_pb_text][et_pb_image src=\u00a0\u00bbhttps:\/\/www.lestafettegraphique.com\/wp-content\/uploads\/2021\/04\/picto-vroum-vroum-293&#215;300.png\u00a0\u00bb title_text=\u00a0\u00bbpicto-vroum-vroum\u00a0\u00bb _builder_version=\u00a0\u00bb4.8.1&Prime; _module_preset=\u00a0\u00bbdefault\u00a0\u00bb][\/et_pb_image][\/et_pb_column][et_pb_column type=\u00a0\u00bb1_2&Prime; _builder_version=\u00a0\u00bb4.8.1&Prime; _module_preset=\u00a0\u00bbdefault\u00a0\u00bb][et_pb_text _builder_version=\u00a0\u00bb4.8.1&Prime; _module_preset=\u00a0\u00bbdefault\u00a0\u00bb text_font=\u00a0\u00bbArial||||||||\u00a0\u00bb header_font=\u00a0\u00bbArial|||on|||||\u00a0\u00bb header_font_size=\u00a0\u00bb24px\u00a0\u00bb]<\/p>\n<h3>C&rsquo;est qui ?<\/h3>\n<p style=\"text-align: justify;\"><strong>J\u2019ai rencontr\u00e9 la s\u00e9rigraphie lorsque j\u2019\u00e9tais \u00e9tudiante aux beaux-arts.<\/strong> Une fois mon dipl\u00f4me obtenu, j\u2019ai ouvert une <strong>agence de communication<\/strong> et j\u2019ai pass\u00e9 quinze ann\u00e9es coinc\u00e9e devant un \u00e9cran d\u2019ordinateur, tant\u00f4t en tant que <strong>graphiste<\/strong>, tant\u00f4t en tant que <strong>webdesigner<\/strong>.<\/p>\n<p style=\"text-align: justify;\">Les ann\u00e9es passant l\u2019<strong>envie de retourner \u00e0 la mati\u00e8re<\/strong> est devenue de plus en plus grande. Celle aussi de <strong>retrouver un contact humain<\/strong>, de travailler en collaborant sur des projets communs avec des artistes, des illustrateurs, de retrouver une interaction humaine au quotidien.<\/p>\n<p style=\"text-align: justify;\">C\u2019est ainsi que doucement a germ\u00e9 l\u2019id\u00e9e de l\u2019estafette graphique.<\/p>\n<p>[\/et_pb_text][\/et_pb_column][\/et_pb_row][et_pb_row _builder_version=\u00a0\u00bb4.8.1&Prime; _module_preset=\u00a0\u00bbdefault\u00a0\u00bb custom_padding=\u00a0\u00bb4px|||||\u00a0\u00bb][et_pb_column type=\u00a0\u00bb4_4&Prime; _builder_version=\u00a0\u00bb4.8.1&Prime; _module_preset=\u00a0\u00bbdefault\u00a0\u00bb][et_pb_button button_url=\u00a0\u00bb@ET-DC@eyJkeW5hbWljIjp0cnVlLCJjb250ZW50IjoicG9zdF9saW5rX3VybF9wYWdlIiwic2V0dGluZ3MiOnsicG9zdF9pZCI6IjMzMyJ9fQ==@\u00a0\u00bb button_text=\u00a0\u00bbD\u00e9couvrir l&rsquo;atelier s\u00e9rigraphie\u00a0\u00bb button_alignment=\u00a0\u00bbcenter\u00a0\u00bb _builder_version=\u00a0\u00bb4.8.1&Prime; _dynamic_attributes=\u00a0\u00bbbutton_url\u00a0\u00bb _module_preset=\u00a0\u00bbdefault\u00a0\u00bb custom_button=\u00a0\u00bbon\u00a0\u00bb button_text_color=\u00a0\u00bb#000000&Prime; button_bg_color=\u00a0\u00bb#ffff00&Prime; button_border_width=\u00a0\u00bb0px\u00a0\u00bb button_border_color=\u00a0\u00bbRGBA(0,0,0,0)\u00a0\u00bb button_border_radius=\u00a0\u00bb0px\u00a0\u00bb button_font=\u00a0\u00bbArial|600|||||||\u00a0\u00bb button_icon=\u00a0\u00bb%%3%%\u00a0\u00bb animation_style=\u00a0\u00bbflip\u00a0\u00bb][\/et_pb_button][\/et_pb_column][\/et_pb_row][\/et_pb_section]<\/p>\n","protected":false},"excerpt":{"rendered":"<p>[et_pb_section fb_built=\u00a0\u00bb1&Prime; _builder_version=\u00a0\u00bb4.8.1&Prime; _module_preset=\u00a0\u00bbdefault\u00a0\u00bb custom_padding=\u00a0\u00bb1px||3px|||\u00a0\u00bb][et_pb_row _builder_version=\u00a0\u00bb4.8.1&Prime; _module_preset=\u00a0\u00bbdefault\u00a0\u00bb][et_pb_column type=\u00a0\u00bb4_4&Prime; _builder_version=\u00a0\u00bb4.8.1&Prime; _module_preset=\u00a0\u00bbdefault\u00a0\u00bb][et_pb_image src=\u00a0\u00bbhttps:\/\/www.lestafettegraphique.com\/wp-content\/uploads\/2021\/04\/titre-a-propos-300&#215;118.png\u00a0\u00bb alt=\u00a0\u00bb\u00c0 propos, pr\u00e9sentation de l&rsquo;Estafette graphique atelier de s\u00e9rigraphie itin\u00e9rant\u00a0\u00bb title_text=\u00a0\u00bbtitre-a-propos\u00a0\u00bb align=\u00a0\u00bbcenter\u00a0\u00bb _builder_version=\u00a0\u00bb4.8.1&Prime; _module_preset=\u00a0\u00bbdefault\u00a0\u00bb][\/et_pb_image][\/et_pb_column][\/et_pb_row][\/et_pb_section][et_pb_section fb_built=\u00a0\u00bb1&Prime; fullwidth=\u00a0\u00bbon\u00a0\u00bb _builder_version=\u00a0\u00bb4.8.1&Prime; _module_preset=\u00a0\u00bbdefault\u00a0\u00bb][et_pb_fullwidth_image src=\u00a0\u00bbhttps:\/\/www.lestafettegraphique.com\/wp-content\/uploads\/2021\/04\/photo-a-propos.jpg\u00a0\u00bb alt=\u00a0\u00bb\u00c0 propos, pr\u00e9sentation de l&rsquo;Estafette Graphique\u00a0\u00bb title_text=\u00a0\u00bbphoto-a-propos\u00a0\u00bb _builder_version=\u00a0\u00bb4.8.1&Prime; _module_preset=\u00a0\u00bbdefault\u00a0\u00bb][\/et_pb_fullwidth_image][\/et_pb_section][et_pb_section fb_built=\u00a0\u00bb1&Prime; _builder_version=\u00a0\u00bb4.8.1&Prime; _module_preset=\u00a0\u00bbdefault\u00a0\u00bb custom_padding=\u00a0\u00bb||16px|||\u00a0\u00bb][et_pb_row column_structure=\u00a0\u00bb1_2,1_2&Prime; _builder_version=\u00a0\u00bb4.8.1&Prime; _module_preset=\u00a0\u00bbdefault\u00a0\u00bb custom_padding=\u00a0\u00bb||5px|||\u00a0\u00bb][et_pb_column type=\u00a0\u00bb1_2&Prime; _builder_version=\u00a0\u00bb4.8.1&Prime; _module_preset=\u00a0\u00bbdefault\u00a0\u00bb][et_pb_text _builder_version=\u00a0\u00bb4.8.1&Prime; _module_preset=\u00a0\u00bbdefault\u00a0\u00bb text_font=\u00a0\u00bbArial||||||||\u00a0\u00bb header_font_size=\u00a0\u00bb24px\u00a0\u00bb custom_margin=\u00a0\u00bb||2px|||\u00a0\u00bb] [&hellip;]<\/p>\n","protected":false},"author":1,"featured_media":0,"parent":0,"menu_order":0,"comment_status":"closed","ping_status":"closed","template":"","meta":{"_et_pb_use_builder":"on","_et_pb_old_content":"<!-- wp:divi\/placeholder \/-->","_et_gb_content_width":""},"yoast_head":"<!-- This site is optimized with the Yoast SEO plugin v16.1.1 - https:\/\/yoast.com\/wordpress\/plugins\/seo\/ -->\n<title>\u00c0 propos pr\u00e9sentation - L&#039;Estafette Graphique<\/title>\n<meta name=\"description\" content=\"L\u2019estafette Graphique est un atelier itin\u00e9rant qui permet de faire de\u0301couvrir la se\u0301rigraphie de fac\u0327on mobile.\" \/>\n<link rel=\"canonical\" href=\"https:\/\/www.lestafettegraphique.com\/index.php\/a-propos\/\" \/>\n<meta property=\"og:locale\" content=\"fr_FR\" \/>\n<meta property=\"og:type\" content=\"article\" \/>\n<meta property=\"og:title\" content=\"\u00c0 propos pr\u00e9sentation - L&#039;Estafette Graphique\" \/>\n<meta property=\"og:description\" content=\"L\u2019estafette Graphique est un atelier itin\u00e9rant qui permet de faire de\u0301couvrir la se\u0301rigraphie de fac\u0327on mobile.\" \/>\n<meta property=\"og:url\" content=\"https:\/\/www.lestafettegraphique.com\/index.php\/a-propos\/\" \/>\n<meta property=\"og:site_name\" content=\"L&#039;estafette Graphique\" \/>\n<meta property=\"article:publisher\" content=\"https:\/\/www.facebook.com\/Lestafette-Graphique-330352984391327\" \/>\n<meta property=\"article:modified_time\" content=\"2021-05-11T16:15:45+00:00\" \/>\n<meta name=\"twitter:card\" content=\"summary_large_image\" \/>\n<script type=\"application\/ld+json\" class=\"yoast-schema-graph\">{\"@context\":\"https:\/\/schema.org\",\"@graph\":[{\"@type\":\"WebSite\",\"@id\":\"https:\/\/www.lestafettegraphique.com\/#website\",\"url\":\"https:\/\/www.lestafettegraphique.com\/\",\"name\":\"L&#039;estafette Graphique\",\"description\":\"Atelier de s\\u00e9rigraphie ambulant\",\"potentialAction\":[{\"@type\":\"SearchAction\",\"target\":\"https:\/\/www.lestafettegraphique.com\/?s={search_term_string}\",\"query-input\":\"required name=search_term_string\"}],\"inLanguage\":\"fr-FR\"},{\"@type\":\"WebPage\",\"@id\":\"https:\/\/www.lestafettegraphique.com\/index.php\/a-propos\/#webpage\",\"url\":\"https:\/\/www.lestafettegraphique.com\/index.php\/a-propos\/\",\"name\":\"\\u00c0 propos pr\\u00e9sentation - L'Estafette Graphique\",\"isPartOf\":{\"@id\":\"https:\/\/www.lestafettegraphique.com\/#website\"},\"datePublished\":\"2021-04-22T08:53:08+00:00\",\"dateModified\":\"2021-05-11T16:15:45+00:00\",\"description\":\"L\\u2019estafette Graphique est un atelier itin\\u00e9rant qui permet de faire de\\u0301couvrir la se\\u0301rigraphie de fac\\u0327on mobile.\",\"breadcrumb\":{\"@id\":\"https:\/\/www.lestafettegraphique.com\/index.php\/a-propos\/#breadcrumb\"},\"inLanguage\":\"fr-FR\",\"potentialAction\":[{\"@type\":\"ReadAction\",\"target\":[\"https:\/\/www.lestafettegraphique.com\/index.php\/a-propos\/\"]}]},{\"@type\":\"BreadcrumbList\",\"@id\":\"https:\/\/www.lestafettegraphique.com\/index.php\/a-propos\/#breadcrumb\",\"itemListElement\":[{\"@type\":\"ListItem\",\"position\":1,\"item\":{\"@type\":\"WebPage\",\"@id\":\"https:\/\/www.lestafettegraphique.com\/\",\"url\":\"https:\/\/www.lestafettegraphique.com\/\",\"name\":\"Accueil\"}},{\"@type\":\"ListItem\",\"position\":2,\"item\":{\"@type\":\"WebPage\",\"@id\":\"https:\/\/www.lestafettegraphique.com\/index.php\/a-propos\/\",\"url\":\"https:\/\/www.lestafettegraphique.com\/index.php\/a-propos\/\",\"name\":\"\\u00c0 propos\"}}]}]}<\/script>\n<!-- \/ Yoast SEO plugin. -->","_links":{"self":[{"href":"https:\/\/www.lestafettegraphique.com\/index.php\/wp-json\/wp\/v2\/pages\/346"}],"collection":[{"href":"https:\/\/www.lestafettegraphique.com\/index.php\/wp-json\/wp\/v2\/pages"}],"about":[{"href":"https:\/\/www.lestafettegraphique.com\/index.php\/wp-json\/wp\/v2\/types\/page"}],"author":[{"embeddable":true,"href":"https:\/\/www.lestafettegraphique.com\/index.php\/wp-json\/wp\/v2\/users\/1"}],"replies":[{"embeddable":true,"href":"https:\/\/www.lestafettegraphique.com\/index.php\/wp-json\/wp\/v2\/comments?post=346"}],"version-history":[{"count":12,"href":"https:\/\/www.lestafettegraphique.com\/index.php\/wp-json\/wp\/v2\/pages\/346\/revisions"}],"predecessor-version":[{"id":770,"href":"https:\/\/www.lestafettegraphique.com\/index.php\/wp-json\/wp\/v2\/pages\/346\/revisions\/770"}],"wp:attachment":[{"href":"https:\/\/www.lestafettegraphique.com\/index.php\/wp-json\/wp\/v2\/media?parent=346"}],"curies":[{"name":"wp","href":"https:\/\/api.w.org\/{rel}","templated":true}]}}